{"id":89,"date":"2019-02-04T20:58:46","date_gmt":"2019-02-04T20:58:46","guid":{"rendered":"http:\/\/cbrcoop.qbweb.it\/?page_id=89"},"modified":"2022-02-17T12:17:48","modified_gmt":"2022-02-17T11:17:48","slug":"profilo","status":"publish","type":"page","link":"https:\/\/www.cbrcoop.com\/?page_id=89","title":{"rendered":"Profilo"},"content":{"rendered":"\t\t<div data-elementor-type=\"wp-page\" data-elementor-id=\"89\" class=\"elementor elementor-89\">\n\t\t\t\t\t\t<div class=\"elementor-inner\">\n\t\t\t\t<div class=\"elementor-section-wrap\">\n\t\t\t\t\t\t\t\t\t<section class=\"elementor-section elementor-top-section elementor-element elementor-element-cb06495 elementor-section-boxed elementor-section-height-default elementor-section-height-default\" data-id=\"cb06495\" data-element_type=\"section\">\n\t\t\t\t\t\t<div class=\"elementor-container elementor-column-gap-default\">\n\t\t\t\t\t\t\t<div class=\"elementor-row\">\n\t\t\t\t\t<div class=\"elementor-column elementor-col-100 elementor-top-column elementor-element elementor-element-565d828\" data-id=\"565d828\" data-element_type=\"column\">\n\t\t\t<div class=\"elementor-column-wrap elementor-element-populated\">\n\t\t\t\t\t\t\t<div class=\"elementor-widget-wrap\">\n\t\t\t\t\t\t<div class=\"elementor-element elementor-element-74da4e9 elementor-widget elementor-widget-text-editor\" data-id=\"74da4e9\" data-element_type=\"widget\" data-widget_type=\"text-editor.default\">\n\t\t\t\t<div class=\"elementor-widget-container\">\n\t\t\t\t\t\t\t\t<div class=\"elementor-text-editor elementor-clearfix\">\n\t\t\t\t<!-- wp:paragraph -->\n<p>La Societ\u00e0 Cooperativa Braccianti Riminese \u00e8 Impresa generale di costruzioni dal 1946. Si occupa di infrastrutture ed opere stradali. Operante su tutto il territorio nazionale, concentra principalmente l&#8217;attivit\u00e0 in Emilia Romagna, in cui pu\u00f2 contare sulla propria competitivit\u00e0, grazie alla produzione autonoma di conglomerati e materiali inerti, ed un parco mezzi all&#8217;avanguardia. Oggi la cooperativa \u00e8 composta da 125 soci cooperatori su un totale di circa 260 dipendenti; il totale addetti sale ad oltre 320 persone all&#8217;interno dell&#8217;area di consolidamento, che comprende principalmente Imprese produttive direttamente controllate dalla Cooperativa. Il presidente \u00e8 <strong>Valerio Brighi<\/strong> e il consiglio di amministrazione \u00e8 formato da 7 persone.<\/p>\n<!-- \/wp:paragraph --><!-- wp:paragraph {\"align\":\"left\",\"fontSize\":\"medium\"} -->\n<p class=\"has-medium-font-size\" style=\"text-align: left;\"><strong>CONSIGLIO DI AMMINISTRAZIONE<\/strong><\/p>\n<!-- \/wp:paragraph --><!-- wp:columns {\"columns\":3} -->\n<div class=\"wp-block-columns has-3-columns\"><!-- wp:column -->\n<div class=\"wp-block-column\"><!-- wp:paragraph -->\n<p><strong>Presidente<\/strong><br \/>Valerio Brighi<\/p>\n<!-- \/wp:paragraph --><\/div>\n<!-- \/wp:column --><!-- wp:column -->\n<div class=\"wp-block-column\"><!-- wp:paragraph -->\n<p><strong>Vice Presidente<br \/><\/strong>Claudio Foschi<\/p>\n<!-- \/wp:paragraph --><\/div>\n<!-- \/wp:column --><!-- wp:column -->\n<div class=\"wp-block-column\"><!-- wp:paragraph -->\n<p><strong>Consiglieri<\/strong><br \/>Roberto Fabbri<br \/>Ezio Mescolini<br \/>Marco Semprini<br \/>Pio Paolo Mauri<br \/>Andrea Golinucci<\/p>\n<!-- \/wp:paragraph --><\/div>\n<!-- \/wp:column --><\/div>\n<!-- \/wp:columns --><!-- wp:separator --><hr class=\"wp-block-separator\" \/><!-- \/wp:separator --><!-- wp:paragraph {\"align\":\"left\",\"fontSize\":\"medium\"} -->\n<p class=\"has-medium-font-size\" style=\"text-align: left;\"><strong>COLLEGIO\u00a0SINDACALE<\/strong><\/p>\n<!-- \/wp:paragraph --><!-- wp:columns {\"columns\":3} -->\n<div class=\"wp-block-columns has-3-columns\"><!-- wp:column -->\n<div class=\"wp-block-column\"><!-- wp:paragraph -->\n<p><strong>Presidente<\/strong><br \/>Oriana Urbinati<\/p>\n<!-- \/wp:paragraph --><\/div>\n<!-- \/wp:column --><!-- wp:column -->\n<div class=\"wp-block-column\"><!-- wp:paragraph -->\n<p><strong>Sindaco effettivo<br \/><\/strong>Massimo Conti<br \/>Andrea Denicol\u00f2<\/p>\n<!-- \/wp:paragraph --><\/div>\n<!-- \/wp:column --><!-- wp:column -->\n<div class=\"wp-block-column\"><!-- wp:paragraph -->\n<p><strong>Sindaco\u00a0supplente<\/strong><br \/>Sandro Mambelli<br \/>Luca Grossi<\/p>\n<!-- \/wp:paragraph --><\/div>\n<!-- \/wp:column --><\/div>\n<!-- \/wp:columns --><!-- wp:separator --><hr class=\"wp-block-separator\" \/><!-- \/wp:separator --><!-- wp:columns -->\n<div class=\"wp-block-columns has-2-columns\"><!-- wp:column -->\n<div class=\"wp-block-column\"><!-- wp:paragraph -->\n<p><strong>REVISORE CONTABILE<\/strong><br \/>RIA Grant Thornton SPA &#8211; Milano<\/p>\n<!-- \/wp:paragraph --><\/div>\n<!-- \/wp:column --><!-- wp:column -->\n<div class=\"wp-block-column\"><!-- wp:paragraph -->\n<p><strong>SOCIETA&#8217; CERTIFICAZIONE BILANCIO<\/strong><br \/>RIA Grant Thornton SPA &#8211; Milano<\/p>\n<!-- \/wp:paragraph --><\/div>\n<!-- \/wp:column --><\/div>\n<!-- \/wp:columns --><!-- wp:separator --><hr class=\"wp-block-separator\" \/><!-- \/wp:separator --><!-- wp:paragraph {\"align\":\"left\",\"fontSize\":\"medium\"} -->\n<p class=\"has-medium-font-size\" style=\"text-align: left;\"><strong>DIREZIONE OPERATIVA<\/strong><\/p>\n<!-- \/wp:paragraph --><!-- wp:paragraph -->\n<p><strong>Valerio Brighi<\/strong>&#8211; Presidente<\/p>\n<!-- \/wp:paragraph --><!-- wp:paragraph -->\n<p><strong>Claudio Foschi<\/strong> &#8211; Responsabile Organizzazione Cantieri<\/p>\n<!-- \/wp:paragraph --><!-- wp:paragraph -->\n<p><strong>Marco Torsani<\/strong> &#8211; Direttore acquisti \/ Direttore Divisione Manutenzione Reti<\/p>\n<!-- \/wp:paragraph --><!-- wp:paragraph -->\n<p><strong>Marco Ceccarelli<\/strong> &#8211; Direttore Commerciale \/ Direttore Divisione Opere<\/p>\n<!-- \/wp:paragraph --><!-- wp:paragraph -->\n<p><strong>Massimo Giorgini<\/strong> &#8211; Direttore Impianti e Cave<\/p>\n<!-- \/wp:paragraph --><!-- wp:paragraph -->\n<p><strong>Davide Liuzzi<\/strong> &#8211; Direttore finanza e progetti immobiliari<\/p>\n<!-- \/wp:paragraph -->\t\t\t\t\t<\/div>\n\t\t\t\t\t\t<\/div>\n\t\t\t\t<\/div>\n\t\t\t\t\t\t<\/div>\n\t\t\t\t\t<\/div>\n\t\t<\/div>\n\t\t\t\t\t\t\t\t<\/div>\n\t\t\t\t\t<\/div>\n\t\t<\/section>\n\t\t\t\t\t\t\t\t\t<\/div>\n\t\t\t<\/div>\n\t\t\t\t\t<\/div>\n\t\t","protected":false},"excerpt":{"rendered":"<p>La Societ\u00e0 Cooperativa Braccianti Riminese \u00e8 Impresa generale di costruzioni dal 1946. Si occupa di infrastrutture ed opere stradali. Operante su tutto il territorio nazionale, concentra principalmente l&#8217;attivit\u00e0 in Emilia Romagna, in cui pu\u00f2 contare sulla propria competitivit\u00e0, grazie alla produzione autonoma di conglomerati e materiali inerti, ed un parco mezzi all&#8217;avanguardia. Oggi la cooperativa [&hellip;]<\/p>\n","protected":false},"author":1,"featured_media":70,"parent":61,"menu_order":0,"comment_status":"closed","ping_status":"closed","template":"","meta":{"footnotes":""},"class_list":["post-89","page","type-page","status-publish","has-post-thumbnail","hentry"],"_links":{"self":[{"href":"https:\/\/www.cbrcoop.com\/index.php?rest_route=\/wp\/v2\/pages\/89","targetHints":{"allow":["GET"]}}],"collection":[{"href":"https:\/\/www.cbrcoop.com\/index.php?rest_route=\/wp\/v2\/pages"}],"about":[{"href":"https:\/\/www.cbrcoop.com\/index.php?rest_route=\/wp\/v2\/types\/page"}],"author":[{"embeddable":true,"href":"https:\/\/www.cbrcoop.com\/index.php?rest_route=\/wp\/v2\/users\/1"}],"replies":[{"embeddable":true,"href":"https:\/\/www.cbrcoop.com\/index.php?rest_route=%2Fwp%2Fv2%2Fcomments&post=89"}],"version-history":[{"count":5,"href":"https:\/\/www.cbrcoop.com\/index.php?rest_route=\/wp\/v2\/pages\/89\/revisions"}],"predecessor-version":[{"id":1000,"href":"https:\/\/www.cbrcoop.com\/index.php?rest_route=\/wp\/v2\/pages\/89\/revisions\/1000"}],"up":[{"embeddable":true,"href":"https:\/\/www.cbrcoop.com\/index.php?rest_route=\/wp\/v2\/pages\/61"}],"wp:featuredmedia":[{"embeddable":true,"href":"https:\/\/www.cbrcoop.com\/index.php?rest_route=\/"}],"wp:attachment":[{"href":"https:\/\/www.cbrcoop.com\/index.php?rest_route=%2Fwp%2Fv2%2Fmedia&parent=89"}],"curies":[{"name":"wp","href":"https:\/\/api.w.org\/{rel}","templated":true}]}}